{"id":42,"date":"2017-08-14T11:34:43","date_gmt":"2017-08-14T11:34:43","guid":{"rendered":"http:\/\/msf.com.es\/es\/?page_id=42"},"modified":"2025-05-21T10:12:21","modified_gmt":"2025-05-21T10:12:21","slug":"rent-car-msf-alquiler-equipos-maquinaria-industrial","status":"publish","type":"page","link":"http:\/\/msf.com.es\/es\/","title":{"rendered":"RENT A CAR MSF &#8211; Alquiler de equipos y maquinaria industrial"},"content":{"rendered":"<div id=\"pl-42\"  class=\"panel-layout\" ><div id=\"pg-42-0\"  class=\"panel-grid panel-no-style\" ><div id=\"pgc-42-0-0\"  class=\"panel-grid-cell\" ><div id=\"panel-42-0-0-0\" class=\"widget_text so-panel widget widget_custom_html panel-first-child panel-last-child\" data-index=\"0\" ><div class=\"textwidget custom-html-widget\"><\/div><\/div><\/div><div id=\"pgc-42-0-1\"  class=\"panel-grid-cell\" ><div id=\"panel-42-0-1-0\" class=\"widget_text so-panel widget widget_custom_html panel-first-child panel-last-child\" data-index=\"1\" ><div class=\"textwidget custom-html-widget\">\n<\/div><\/div><\/div><div id=\"pgc-42-0-2\"  class=\"panel-grid-cell\" ><div id=\"panel-42-0-2-0\" class=\"widget_text so-panel widget widget_custom_html panel-first-child panel-last-child\" data-index=\"2\" ><div class=\"textwidget custom-html-widget\">\n\n<\/div><\/div><\/div><\/div><div id=\"pg-42-1\"  class=\"panel-grid panel-has-style\" ><div class=\"panel-row-style panel-row-style-for-42-1\" ><div id=\"pgc-42-1-0\"  class=\"panel-grid-cell\" ><div id=\"panel-42-1-0-0\" class=\"so-panel widget widget_headline-widget panel-first-child panel-last-child\" data-index=\"3\" ><div class=\"panel-widget-style panel-widget-style-for-42-1-0-0\" >\t\t<h1>Su satisfacci\u00f3n es nuestro compromiso<\/h1>\n\t\t<div class=\"decoration\"><div class=\"decoration-inside\"><\/div><\/div>\n\t\t<h3>Cons\u00faltenos y le asesoraremos<\/h3>\n\t\t<\/div><\/div><\/div><\/div><\/div><div id=\"pg-42-2\"  class=\"panel-grid panel-no-style\" ><div id=\"pgc-42-2-0\"  class=\"panel-grid-cell\" ><div id=\"panel-42-2-0-0\" class=\"so-panel widget widget_circleicon-widget panel-first-child panel-last-child\" data-index=\"4\" >\t\t<div class=\"circle-icon-box circle-icon-position-top circle-icon-hide-box circle-icon-size-small \">\n\t\t\t\t\t\t\t<div class=\"circle-icon-wrapper\">\n\t\t\t\t\t\t\t\t\t\t<a href=\"https:\/\/elsade.com\" class=\"link-icon\" target=\"_blank\">\t\t\t\t\t<div class=\"circle-icon icon-style-set\" style=\"background-color: #ed891c\">\n\t\t\t\t\t\t\t\t\t\t\t\t\t<div class=\"fa fa-pencil-square-o\" ><\/div>\n\t\t\t\t\t\t\t\t\t\t\t<\/div>\n\t\t\t\t\t<\/a>\t\t\t\t<\/div>\n\t\t\t\n\t\t\t\t\t\t\t<a href=\"https:\/\/elsade.com\" class=\"link-title\" target=\"_blank\">\n\t\t\t\t\t\t\t\t\t\t<h4 >\n\t\t\t\t\tFormaci\u00f3n\t\t\t\t<\/h4>\n\t\t\t\t\t\t\t\t\t\t<\/a>\n\t\t\t\n\t\t\t\t\t\t\t<p class=\"text\" >Ofrecemos formaci\u00f3n de operadores de equipos de trabajo. Para m\u00e1s informaci\u00f3n visita la p\u00e1gina web de nuestra empresa dedicada a la formaci\u00f3n <br \/><br \/><\/p>\n\t\t\t\t\t\t\t\t\t\t<a\n\t\t\t\t\thref=\"https:\/\/elsade.com\"\n\t\t\t\t\tclass=\"more-button\"\n\t\t\t\t\ttarget=\"_blank\"\t\t\t\t\t\t\t\t\t>\n\t\t\t\t\tM\u00e1s informaci\u00f3n <i><\/i>\n\t\t\t\t<\/a>\n\t\t\t\t\t<\/div>\n\t\t<\/div><\/div><div id=\"pgc-42-2-1\"  class=\"panel-grid-cell\" ><div id=\"panel-42-2-1-0\" class=\"so-panel widget widget_circleicon-widget panel-first-child panel-last-child\" data-index=\"5\" >\t\t<div class=\"circle-icon-box circle-icon-position-top circle-icon-hide-box circle-icon-size-small \">\n\t\t\t\t\t\t\t<div class=\"circle-icon-wrapper\">\n\t\t\t\t\t\t\t\t\t\t<a href=\"\/es\/contactar\/\" class=\"link-icon\" >\t\t\t\t\t<div class=\"circle-icon icon-style-set\" style=\"background-color: #ed891c\">\n\t\t\t\t\t\t\t\t\t\t\t\t\t<div class=\"fa fa-phone\" ><\/div>\n\t\t\t\t\t\t\t\t\t\t\t<\/div>\n\t\t\t\t\t<\/a>\t\t\t\t<\/div>\n\t\t\t\n\t\t\t\t\t\t\t<a href=\"\/es\/contactar\/\" class=\"link-title\" >\n\t\t\t\t\t\t\t\t\t\t<h4 >\n\t\t\t\t\tContactar\t\t\t\t<\/h4>\n\t\t\t\t\t\t\t\t\t\t<\/a>\n\t\t\t\n\t\t\t\t\t\t\t<p class=\"text\" >Si tienes cualquier duda o consulta que hacernos rellena el siguiente formulario y un especialista de nuestro equipo t\u00e9cnico se pondr\u00e1 en contacto r\u00e1pidamente. <br \/><br \/><\/p>\n\t\t\t\t\t\t\t\t\t\t<a\n\t\t\t\t\thref=\"\/es\/contactar\/\"\n\t\t\t\t\tclass=\"more-button\"\n\t\t\t\t\t\t\t\t\t\t\t\t\t\t>\n\t\t\t\t\tM\u00e1s informaci\u00f3n <i><\/i>\n\t\t\t\t<\/a>\n\t\t\t\t\t<\/div>\n\t\t<\/div><\/div><div id=\"pgc-42-2-2\"  class=\"panel-grid-cell\" ><div id=\"panel-42-2-2-0\" class=\"so-panel widget widget_circleicon-widget panel-first-child panel-last-child\" data-index=\"6\" >\t\t<div class=\"circle-icon-box circle-icon-position-top circle-icon-hide-box circle-icon-size-small \">\n\t\t\t\t\t\t\t<div class=\"circle-icon-wrapper\">\n\t\t\t\t\t\t\t\t\t\t<a href=\"\/es\/alquiler\/\" class=\"link-icon\" >\t\t\t\t\t<div class=\"circle-icon icon-style-set\" style=\"background-color: #ed891c\">\n\t\t\t\t\t\t\t\t\t\t\t\t\t<div class=\"fa fa-check-square\" ><\/div>\n\t\t\t\t\t\t\t\t\t\t\t<\/div>\n\t\t\t\t\t<\/a>\t\t\t\t<\/div>\n\t\t\t\n\t\t\t\t\t\t\t<a href=\"\/es\/alquiler\/\" class=\"link-title\" >\n\t\t\t\t\t\t\t\t\t\t<h4 >\n\t\t\t\t\tAlquiler\t\t\t\t<\/h4>\n\t\t\t\t\t\t\t\t\t\t<\/a>\n\t\t\t\n\t\t\t\t\t\t\t<p class=\"text\" >El alquiler de equipos y maquinaria es, en muchos casos, una opci\u00f3n m\u00e1s flexible y eficaz para las necesidades intralog\u00edsticas de su empresa. <br \/><br \/><\/p>\n\t\t\t\t\t\t\t\t\t\t<a\n\t\t\t\t\thref=\"\/es\/alquiler\/\"\n\t\t\t\t\tclass=\"more-button\"\n\t\t\t\t\t\t\t\t\t\t\t\t\t\t>\n\t\t\t\t\tM\u00e1s infomaci\u00f3n <i><\/i>\n\t\t\t\t<\/a>\n\t\t\t\t\t<\/div>\n\t\t<\/div><\/div><\/div><div id=\"pg-42-3\"  class=\"panel-grid panel-no-style\" ><div id=\"pgc-42-3-0\"  class=\"panel-grid-cell\" ><div id=\"panel-42-3-0-0\" class=\"so-panel widget panel-first-child panel-last-child\" data-index=\"7\" ><\/div><\/div><\/div><div id=\"pg-42-4\"  class=\"panel-grid panel-no-style\" ><div id=\"pgc-42-4-0\"  class=\"panel-grid-cell panel-grid-cell-empty\" ><\/div><div id=\"pgc-42-4-1\"  class=\"panel-grid-cell panel-grid-cell-empty\" ><\/div><div id=\"pgc-42-4-2\"  class=\"panel-grid-cell panel-grid-cell-mobile-last\" ><div id=\"panel-42-4-2-0\" class=\"so-panel widget widget_sow-image panel-first-child panel-last-child\" data-index=\"8\" ><div\n\t\t\t\n\t\t\tclass=\"so-widget-sow-image so-widget-sow-image-default-8b5b6f678277-42\"\n\t\t\t\n\t\t>\n<div class=\"sow-image-container\">\n\t\t<img \n\tsrc=\"http:\/\/msf.com.es\/es\/wp-content\/uploads\/sites\/2\/2017\/08\/logos-oca_2-1.jpg\" width=\"828\" height=\"534\" srcset=\"http:\/\/msf.com.es\/es\/wp-content\/uploads\/sites\/2\/2017\/08\/logos-oca_2-1.jpg 828w, http:\/\/msf.com.es\/es\/wp-content\/uploads\/sites\/2\/2017\/08\/logos-oca_2-1-300x193.jpg 300w, http:\/\/msf.com.es\/es\/wp-content\/uploads\/sites\/2\/2017\/08\/logos-oca_2-1-768x495.jpg 768w\" sizes=\"(max-width: 828px) 100vw, 828px\" alt=\"\" \t\tclass=\"so-widget-image\"\/>\n\t<\/div>\n\n<\/div><\/div><\/div><div id=\"pgc-42-4-3\"  class=\"panel-grid-cell panel-grid-cell-empty\" ><\/div><\/div><\/div>","protected":false},"excerpt":{"rendered":"<p>Su satisfacci\u00f3n es nuestro compromiso Cons\u00faltenos y le asesoraremos Formaci\u00f3n Ofrecemos formaci\u00f3n de operadores de equipos de trabajo. Para m\u00e1s informaci\u00f3n visita la p\u00e1gina web de nuestra empresa dedicada a la formaci\u00f3n M\u00e1s informaci\u00f3n Contactar Si tienes cualquier duda o consulta que hacernos rellena el siguiente formulario y un especialista de nuestro equipo t\u00e9cnico se [&hellip;]<\/p>\n","protected":false},"author":1,"featured_media":0,"parent":0,"menu_order":0,"comment_status":"closed","ping_status":"closed","template":"home-panels.php","meta":{"_mc_calendar":[],"footnotes":""},"class_list":["post-42","page","type-page","status-publish","hentry","post"],"yoast_head":"<!-- This site is optimized with the Yoast SEO plugin v26.9 - https:\/\/yoast.com\/product\/yoast-seo-wordpress\/ -->\n<title>Alquiler de equipos y maquinaria industrial. Formaci\u00f3n - RENT A CAR MSF<\/title>\n<meta name=\"description\" content=\"El alquiler de equipos y maquinaria industrial es una opci\u00f3n flexible y eficaz para las necesidades intralog\u00edsticas de su empresa. Cursos te\u00f3rico pr\u00e1cticos\" \/>\n<meta name=\"robots\" content=\"index, follow, max-snippet:-1, max-image-preview:large, max-video-preview:-1\" \/>\n<link rel=\"canonical\" href=\"http:\/\/msf.com.es\/es\/\" \/>\n<meta property=\"og:locale\" content=\"es_ES\" \/>\n<meta property=\"og:type\" content=\"article\" \/>\n<meta property=\"og:title\" content=\"Alquiler de equipos y maquinaria industrial. Formaci\u00f3n - RENT A CAR MSF\" \/>\n<meta property=\"og:description\" content=\"El alquiler de equipos y maquinaria industrial es una opci\u00f3n flexible y eficaz para las necesidades intralog\u00edsticas de su empresa. Cursos te\u00f3rico pr\u00e1cticos\" \/>\n<meta property=\"og:url\" content=\"http:\/\/msf.com.es\/es\/\" \/>\n<meta property=\"og:site_name\" content=\"RENT A CAR MSF\" \/>\n<meta property=\"article:modified_time\" content=\"2025-05-21T10:12:21+00:00\" \/>\n<meta name=\"twitter:card\" content=\"summary_large_image\" \/>\n<meta name=\"twitter:label1\" content=\"Tiempo de lectura\" \/>\n\t<meta name=\"twitter:data1\" content=\"1 minuto\" \/>\n<script type=\"application\/ld+json\" class=\"yoast-schema-graph\">{\"@context\":\"https:\/\/schema.org\",\"@graph\":[{\"@type\":\"WebPage\",\"@id\":\"http:\/\/msf.com.es\/es\/\",\"url\":\"http:\/\/msf.com.es\/es\/\",\"name\":\"Alquiler de equipos y maquinaria industrial. Formaci\u00f3n - RENT A CAR MSF\",\"isPartOf\":{\"@id\":\"http:\/\/msf.com.es\/es\/#website\"},\"datePublished\":\"2017-08-14T11:34:43+00:00\",\"dateModified\":\"2025-05-21T10:12:21+00:00\",\"description\":\"El alquiler de equipos y maquinaria industrial es una opci\u00f3n flexible y eficaz para las necesidades intralog\u00edsticas de su empresa. Cursos te\u00f3rico pr\u00e1cticos\",\"breadcrumb\":{\"@id\":\"http:\/\/msf.com.es\/es\/#breadcrumb\"},\"inLanguage\":\"es\",\"potentialAction\":[{\"@type\":\"ReadAction\",\"target\":[\"http:\/\/msf.com.es\/es\/\"]}]},{\"@type\":\"BreadcrumbList\",\"@id\":\"http:\/\/msf.com.es\/es\/#breadcrumb\",\"itemListElement\":[{\"@type\":\"ListItem\",\"position\":1,\"name\":\"Portada\",\"item\":\"http:\/\/msf.com.es\/es\/\"},{\"@type\":\"ListItem\",\"position\":2,\"name\":\"RENT A CAR MSF &#8211; Alquiler de equipos y maquinaria industrial\"}]},{\"@type\":\"WebSite\",\"@id\":\"http:\/\/msf.com.es\/es\/#website\",\"url\":\"http:\/\/msf.com.es\/es\/\",\"name\":\"RENT A CAR MSF\",\"description\":\"Alquiler de equipos y maquinaria industrial\",\"potentialAction\":[{\"@type\":\"SearchAction\",\"target\":{\"@type\":\"EntryPoint\",\"urlTemplate\":\"http:\/\/msf.com.es\/es\/?s={search_term_string}\"},\"query-input\":{\"@type\":\"PropertyValueSpecification\",\"valueRequired\":true,\"valueName\":\"search_term_string\"}}],\"inLanguage\":\"es\"}]}<\/script>\n<!-- \/ Yoast SEO plugin. -->","yoast_head_json":{"title":"Alquiler de equipos y maquinaria industrial. Formaci\u00f3n - RENT A CAR MSF","description":"El alquiler de equipos y maquinaria industrial es una opci\u00f3n flexible y eficaz para las necesidades intralog\u00edsticas de su empresa. Cursos te\u00f3rico pr\u00e1cticos","robots":{"index":"index","follow":"follow","max-snippet":"max-snippet:-1","max-image-preview":"max-image-preview:large","max-video-preview":"max-video-preview:-1"},"canonical":"http:\/\/msf.com.es\/es\/","og_locale":"es_ES","og_type":"article","og_title":"Alquiler de equipos y maquinaria industrial. Formaci\u00f3n - RENT A CAR MSF","og_description":"El alquiler de equipos y maquinaria industrial es una opci\u00f3n flexible y eficaz para las necesidades intralog\u00edsticas de su empresa. Cursos te\u00f3rico pr\u00e1cticos","og_url":"http:\/\/msf.com.es\/es\/","og_site_name":"RENT A CAR MSF","article_modified_time":"2025-05-21T10:12:21+00:00","twitter_card":"summary_large_image","twitter_misc":{"Tiempo de lectura":"1 minuto"},"schema":{"@context":"https:\/\/schema.org","@graph":[{"@type":"WebPage","@id":"http:\/\/msf.com.es\/es\/","url":"http:\/\/msf.com.es\/es\/","name":"Alquiler de equipos y maquinaria industrial. Formaci\u00f3n - RENT A CAR MSF","isPartOf":{"@id":"http:\/\/msf.com.es\/es\/#website"},"datePublished":"2017-08-14T11:34:43+00:00","dateModified":"2025-05-21T10:12:21+00:00","description":"El alquiler de equipos y maquinaria industrial es una opci\u00f3n flexible y eficaz para las necesidades intralog\u00edsticas de su empresa. Cursos te\u00f3rico pr\u00e1cticos","breadcrumb":{"@id":"http:\/\/msf.com.es\/es\/#breadcrumb"},"inLanguage":"es","potentialAction":[{"@type":"ReadAction","target":["http:\/\/msf.com.es\/es\/"]}]},{"@type":"BreadcrumbList","@id":"http:\/\/msf.com.es\/es\/#breadcrumb","itemListElement":[{"@type":"ListItem","position":1,"name":"Portada","item":"http:\/\/msf.com.es\/es\/"},{"@type":"ListItem","position":2,"name":"RENT A CAR MSF &#8211; Alquiler de equipos y maquinaria industrial"}]},{"@type":"WebSite","@id":"http:\/\/msf.com.es\/es\/#website","url":"http:\/\/msf.com.es\/es\/","name":"RENT A CAR MSF","description":"Alquiler de equipos y maquinaria industrial","potentialAction":[{"@type":"SearchAction","target":{"@type":"EntryPoint","urlTemplate":"http:\/\/msf.com.es\/es\/?s={search_term_string}"},"query-input":{"@type":"PropertyValueSpecification","valueRequired":true,"valueName":"search_term_string"}}],"inLanguage":"es"}]}},"_links":{"self":[{"href":"http:\/\/msf.com.es\/es\/wp-json\/wp\/v2\/pages\/42","targetHints":{"allow":["GET"]}}],"collection":[{"href":"http:\/\/msf.com.es\/es\/wp-json\/wp\/v2\/pages"}],"about":[{"href":"http:\/\/msf.com.es\/es\/wp-json\/wp\/v2\/types\/page"}],"author":[{"embeddable":true,"href":"http:\/\/msf.com.es\/es\/wp-json\/wp\/v2\/users\/1"}],"replies":[{"embeddable":true,"href":"http:\/\/msf.com.es\/es\/wp-json\/wp\/v2\/comments?post=42"}],"version-history":[{"count":26,"href":"http:\/\/msf.com.es\/es\/wp-json\/wp\/v2\/pages\/42\/revisions"}],"predecessor-version":[{"id":1501,"href":"http:\/\/msf.com.es\/es\/wp-json\/wp\/v2\/pages\/42\/revisions\/1501"}],"wp:attachment":[{"href":"http:\/\/msf.com.es\/es\/wp-json\/wp\/v2\/media?parent=42"}],"curies":[{"name":"wp","href":"https:\/\/api.w.org\/{rel}","templated":true}]}}